{"id":1770,"date":"2023-06-26T11:47:07","date_gmt":"2023-06-26T09:47:07","guid":{"rendered":"https:\/\/leren-zonder-grenzen.com\/event\/kick-off-ekw-4\/"},"modified":"2023-06-27T14:36:07","modified_gmt":"2023-06-27T12:36:07","slug":"kick-off-ekw-4","status":"publish","type":"event","link":"https:\/\/leren-zonder-grenzen.com\/de\/event\/kick-off-ekw-4\/","title":{"rendered":"Kick-off EKW-4"},"content":{"rendered":"<p>Wir m\u00f6chten Sie herzlich zum ersten Treffen von EKW 4: P\u00e4dagogik, Sozialarbeit und Gesundheitswesen einladen. Die Sommerferien r\u00fccken n\u00e4her und wir m\u00f6chten Sie bitten, den Termin f\u00fcr das Treffen in Ihrem Kalender vorzumerken: Dienstagnachmittag, 19. September 2023, von 14.00 bis 16.00 Uhr.<\/p>\n<p>W\u00e4hrend des Treffens werden die Projektleiter (ROC van Twente) etwas \u00fcber Interreg und das EKW-Projekt erz\u00e4hlen. Dar\u00fcber hinaus ist das Treffen f\u00fcr die beteiligten Partner, Lehrer, Unternehmen und Interessierte (aus Deutschland und den Niederlanden) im Rahmen von EKW 4, dem Austausch von Wissen und Informationen und vor allem der Diskussion von Zielen und Pl\u00e4nen f\u00fcr die kommenden Jahre innerhalb des EKW gedacht. Die Tagesordnung f\u00fcr das Treffen wird Ihnen zu gegebener Zeit zugesandt.<\/p>\n<p>Bitte kalkulieren Sie f\u00fcr das Treffen eine m\u00f6gliche Reisezeit ein, es wird wahrscheinlich in der Gegend von Hengelo (ROC van Twente) oder Hardenberg ( Alfa-college), Niederlande, stattfinden. Das &#8222;Save the Date&#8220; kann innerhalb Ihres Netzwerks an interessierte Parteien verteilt werden.<\/p>\n<p>F\u00fcr evtl. Fragen stehen wir Ihnen jederzeit gern zur Verf\u00fcgung. Vielen Dank im Voraus und hoffentlich sehen wir uns am Dienstag, den 19. September, zum ersten Treffen der EKW 4!<\/p>\n<p><img loading=\"lazy\" decoding=\"async\" class=\"alignnone size-large wp-image-27\" src=\"https:\/\/leren-zonder-grenzen.com\/wp-content\/uploads\/2022\/12\/wp-3-1024x683.webp\" alt=\"\" width=\"800\" height=\"534\" srcset=\"https:\/\/leren-zonder-grenzen.com\/wp-content\/uploads\/2022\/12\/wp-3-1024x683.webp 1024w, https:\/\/leren-zonder-grenzen.com\/wp-content\/uploads\/2022\/12\/wp-3-300x200.webp 300w, https:\/\/leren-zonder-grenzen.com\/wp-content\/uploads\/2022\/12\/wp-3-768x512.webp 768w, https:\/\/leren-zonder-grenzen.com\/wp-content\/uploads\/2022\/12\/wp-3-1536x1024.webp 1536w, https:\/\/leren-zonder-grenzen.com\/wp-content\/uploads\/2022\/12\/wp-3-600x400.webp 600w, https:\/\/leren-zonder-grenzen.com\/wp-content\/uploads\/2022\/12\/wp-3-500x333.webp 500w, https:\/\/leren-zonder-grenzen.com\/wp-content\/uploads\/2022\/12\/wp-3-800x533.webp 800w, https:\/\/leren-zonder-grenzen.com\/wp-content\/uploads\/2022\/12\/wp-3-340x227.webp 340w, https:\/\/leren-zonder-grenzen.com\/wp-content\/uploads\/2022\/12\/wp-3-470x313.webp 470w, https:\/\/leren-zonder-grenzen.com\/wp-content\/uploads\/2022\/12\/wp-3-219x146.webp 219w, https:\/\/leren-zonder-grenzen.com\/wp-content\/uploads\/2022\/12\/wp-3.webp 1920w\" sizes=\"auto, (max-width: 800px) 100vw, 800px\" \/><\/p>\n","protected":false},"excerpt":{"rendered":"<p>Wir m\u00f6chten Sie herzlich zum ersten Treffen von EKW 4: P\u00e4dagogik, Sozialarbeit und Gesundheitswesen einladen. Die Sommerferien r\u00fccken n\u00e4her und wir m\u00f6chten Sie bitten, den Termin f\u00fcr das Treffen in Ihrem Kalender vorzumerken: Dienstagnachmittag, 19. September 2023, von 14.00 bis 16.00 Uhr. W\u00e4hrend des Treffens werden die Projektleiter (ROC van Twente) etwas \u00fcber Interreg und [&hellip;]<\/p>\n","protected":false},"featured_media":693,"parent":0,"menu_order":0,"template":"","class_list":["post-1770","event","type-event","status-publish","has-post-thumbnail","hentry"],"acf":[],"yoast_head":"<!-- This site is optimized with the Yoast SEO plugin v27.5 - https:\/\/yoast.com\/product\/yoast-seo-wordpress\/ -->\n<title>Kick-off EKW-4 - Lernen ohne Grenzen<\/title>\n<meta name=\"robots\" content=\"index, follow, max-snippet:-1, max-image-preview:large, max-video-preview:-1\" \/>\n<link rel=\"canonical\" href=\"https:\/\/leren-zonder-grenzen.com\/de\/event\/kick-off-ekw-4\/\" \/>\n<meta property=\"og:locale\" content=\"de_DE\" \/>\n<meta property=\"og:type\" content=\"article\" \/>\n<meta property=\"og:title\" content=\"Kick-off EKW-4 - Lernen ohne Grenzen\" \/>\n<meta property=\"og:description\" content=\"Wir m\u00f6chten Sie herzlich zum ersten Treffen von EKW 4: P\u00e4dagogik, Sozialarbeit und Gesundheitswesen einladen. Die Sommerferien r\u00fccken n\u00e4her und wir m\u00f6chten Sie bitten, den Termin f\u00fcr das Treffen in Ihrem Kalender vorzumerken: Dienstagnachmittag, 19. September 2023, von 14.00 bis 16.00 Uhr. W\u00e4hrend des Treffens werden die Projektleiter (ROC van Twente) etwas \u00fcber Interreg und [&hellip;]\" \/>\n<meta property=\"og:url\" content=\"https:\/\/leren-zonder-grenzen.com\/de\/event\/kick-off-ekw-4\/\" \/>\n<meta property=\"og:site_name\" content=\"Lernen ohne Grenzen\" \/>\n<meta property=\"article:publisher\" content=\"https:\/\/www.facebook.com\/profile.php?id=100047355472830\" \/>\n<meta property=\"article:modified_time\" content=\"2023-06-27T12:36:07+00:00\" \/>\n<meta property=\"og:image\" content=\"https:\/\/leren-zonder-grenzen.com\/wp-content\/uploads\/2022\/12\/AdobeStock_291649954.webp\" \/>\n\t<meta property=\"og:image:width\" content=\"1920\" \/>\n\t<meta property=\"og:image:height\" content=\"1080\" \/>\n\t<meta property=\"og:image:type\" content=\"image\/webp\" \/>\n<meta name=\"twitter:card\" content=\"summary_large_image\" \/>\n<meta name=\"twitter:label1\" content=\"Gesch\u00e4tzte Lesezeit\" \/>\n\t<meta name=\"twitter:data1\" content=\"1\u00a0Minute\" \/>\n<script type=\"application\/ld+json\" class=\"yoast-schema-graph\">{\"@context\":\"https:\\\/\\\/schema.org\",\"@graph\":[{\"@type\":\"WebPage\",\"@id\":\"https:\\\/\\\/leren-zonder-grenzen.com\\\/de\\\/event\\\/kick-off-ekw-4\\\/\",\"url\":\"https:\\\/\\\/leren-zonder-grenzen.com\\\/de\\\/event\\\/kick-off-ekw-4\\\/\",\"name\":\"Kick-off EKW-4 - Lernen ohne Grenzen\",\"isPartOf\":{\"@id\":\"https:\\\/\\\/leren-zonder-grenzen.com\\\/de\\\/#website\"},\"primaryImageOfPage\":{\"@id\":\"https:\\\/\\\/leren-zonder-grenzen.com\\\/de\\\/event\\\/kick-off-ekw-4\\\/#primaryimage\"},\"image\":{\"@id\":\"https:\\\/\\\/leren-zonder-grenzen.com\\\/de\\\/event\\\/kick-off-ekw-4\\\/#primaryimage\"},\"thumbnailUrl\":\"https:\\\/\\\/leren-zonder-grenzen.com\\\/wp-content\\\/uploads\\\/2022\\\/12\\\/AdobeStock_291649954.webp\",\"datePublished\":\"2023-06-26T09:47:07+00:00\",\"dateModified\":\"2023-06-27T12:36:07+00:00\",\"breadcrumb\":{\"@id\":\"https:\\\/\\\/leren-zonder-grenzen.com\\\/de\\\/event\\\/kick-off-ekw-4\\\/#breadcrumb\"},\"inLanguage\":\"de\",\"potentialAction\":[{\"@type\":\"ReadAction\",\"target\":[\"https:\\\/\\\/leren-zonder-grenzen.com\\\/de\\\/event\\\/kick-off-ekw-4\\\/\"]}]},{\"@type\":\"ImageObject\",\"inLanguage\":\"de\",\"@id\":\"https:\\\/\\\/leren-zonder-grenzen.com\\\/de\\\/event\\\/kick-off-ekw-4\\\/#primaryimage\",\"url\":\"https:\\\/\\\/leren-zonder-grenzen.com\\\/wp-content\\\/uploads\\\/2022\\\/12\\\/AdobeStock_291649954.webp\",\"contentUrl\":\"https:\\\/\\\/leren-zonder-grenzen.com\\\/wp-content\\\/uploads\\\/2022\\\/12\\\/AdobeStock_291649954.webp\",\"width\":1920,\"height\":1080,\"caption\":\"EKW-4\"},{\"@type\":\"BreadcrumbList\",\"@id\":\"https:\\\/\\\/leren-zonder-grenzen.com\\\/de\\\/event\\\/kick-off-ekw-4\\\/#breadcrumb\",\"itemListElement\":[{\"@type\":\"ListItem\",\"position\":1,\"name\":\"Home\",\"item\":\"https:\\\/\\\/leren-zonder-grenzen.com\\\/de\\\/home\\\/\"},{\"@type\":\"ListItem\",\"position\":2,\"name\":\"Events\",\"item\":\"https:\\\/\\\/leren-zonder-grenzen.com\\\/de\\\/events\\\/\"},{\"@type\":\"ListItem\",\"position\":3,\"name\":\"Kick-off EKW-4\"}]},{\"@type\":\"WebSite\",\"@id\":\"https:\\\/\\\/leren-zonder-grenzen.com\\\/de\\\/#website\",\"url\":\"https:\\\/\\\/leren-zonder-grenzen.com\\\/de\\\/\",\"name\":\"Lernen ohne Grenzen\",\"description\":\"Grenzenlos entdecken\",\"publisher\":{\"@id\":\"https:\\\/\\\/leren-zonder-grenzen.com\\\/de\\\/#organization\"},\"alternateName\":\"LZG\",\"potentialAction\":[{\"@type\":\"SearchAction\",\"target\":{\"@type\":\"EntryPoint\",\"urlTemplate\":\"https:\\\/\\\/leren-zonder-grenzen.com\\\/de\\\/?s={search_term_string}\"},\"query-input\":{\"@type\":\"PropertyValueSpecification\",\"valueRequired\":true,\"valueName\":\"search_term_string\"}}],\"inLanguage\":\"de\"},{\"@type\":\"Organization\",\"@id\":\"https:\\\/\\\/leren-zonder-grenzen.com\\\/de\\\/#organization\",\"name\":\"Leren zonder grenzen\",\"alternateName\":\"LZG\",\"url\":\"https:\\\/\\\/leren-zonder-grenzen.com\\\/de\\\/\",\"logo\":{\"@type\":\"ImageObject\",\"inLanguage\":\"de\",\"@id\":\"https:\\\/\\\/leren-zonder-grenzen.com\\\/de\\\/#\\\/schema\\\/logo\\\/image\\\/\",\"url\":\"https:\\\/\\\/leren-zonder-grenzen.com\\\/wp-content\\\/uploads\\\/2022\\\/12\\\/header-logo-leren-zonder-grenzen.svg\",\"contentUrl\":\"https:\\\/\\\/leren-zonder-grenzen.com\\\/wp-content\\\/uploads\\\/2022\\\/12\\\/header-logo-leren-zonder-grenzen.svg\",\"width\":126,\"height\":181,\"caption\":\"Leren zonder grenzen\"},\"image\":{\"@id\":\"https:\\\/\\\/leren-zonder-grenzen.com\\\/de\\\/#\\\/schema\\\/logo\\\/image\\\/\"},\"sameAs\":[\"https:\\\/\\\/www.facebook.com\\\/profile.php?id=100047355472830\"]}]}<\/script>\n<!-- \/ Yoast SEO plugin. -->","yoast_head_json":{"title":"Kick-off EKW-4 - Lernen ohne Grenzen","robots":{"index":"index","follow":"follow","max-snippet":"max-snippet:-1","max-image-preview":"max-image-preview:large","max-video-preview":"max-video-preview:-1"},"canonical":"https:\/\/leren-zonder-grenzen.com\/de\/event\/kick-off-ekw-4\/","og_locale":"de_DE","og_type":"article","og_title":"Kick-off EKW-4 - Lernen ohne Grenzen","og_description":"Wir m\u00f6chten Sie herzlich zum ersten Treffen von EKW 4: P\u00e4dagogik, Sozialarbeit und Gesundheitswesen einladen. Die Sommerferien r\u00fccken n\u00e4her und wir m\u00f6chten Sie bitten, den Termin f\u00fcr das Treffen in Ihrem Kalender vorzumerken: Dienstagnachmittag, 19. September 2023, von 14.00 bis 16.00 Uhr. W\u00e4hrend des Treffens werden die Projektleiter (ROC van Twente) etwas \u00fcber Interreg und [&hellip;]","og_url":"https:\/\/leren-zonder-grenzen.com\/de\/event\/kick-off-ekw-4\/","og_site_name":"Lernen ohne Grenzen","article_publisher":"https:\/\/www.facebook.com\/profile.php?id=100047355472830","article_modified_time":"2023-06-27T12:36:07+00:00","og_image":[{"width":1920,"height":1080,"url":"https:\/\/leren-zonder-grenzen.com\/wp-content\/uploads\/2022\/12\/AdobeStock_291649954.webp","type":"image\/webp"}],"twitter_card":"summary_large_image","twitter_misc":{"Gesch\u00e4tzte Lesezeit":"1\u00a0Minute"},"schema":{"@context":"https:\/\/schema.org","@graph":[{"@type":"WebPage","@id":"https:\/\/leren-zonder-grenzen.com\/de\/event\/kick-off-ekw-4\/","url":"https:\/\/leren-zonder-grenzen.com\/de\/event\/kick-off-ekw-4\/","name":"Kick-off EKW-4 - Lernen ohne Grenzen","isPartOf":{"@id":"https:\/\/leren-zonder-grenzen.com\/de\/#website"},"primaryImageOfPage":{"@id":"https:\/\/leren-zonder-grenzen.com\/de\/event\/kick-off-ekw-4\/#primaryimage"},"image":{"@id":"https:\/\/leren-zonder-grenzen.com\/de\/event\/kick-off-ekw-4\/#primaryimage"},"thumbnailUrl":"https:\/\/leren-zonder-grenzen.com\/wp-content\/uploads\/2022\/12\/AdobeStock_291649954.webp","datePublished":"2023-06-26T09:47:07+00:00","dateModified":"2023-06-27T12:36:07+00:00","breadcrumb":{"@id":"https:\/\/leren-zonder-grenzen.com\/de\/event\/kick-off-ekw-4\/#breadcrumb"},"inLanguage":"de","potentialAction":[{"@type":"ReadAction","target":["https:\/\/leren-zonder-grenzen.com\/de\/event\/kick-off-ekw-4\/"]}]},{"@type":"ImageObject","inLanguage":"de","@id":"https:\/\/leren-zonder-grenzen.com\/de\/event\/kick-off-ekw-4\/#primaryimage","url":"https:\/\/leren-zonder-grenzen.com\/wp-content\/uploads\/2022\/12\/AdobeStock_291649954.webp","contentUrl":"https:\/\/leren-zonder-grenzen.com\/wp-content\/uploads\/2022\/12\/AdobeStock_291649954.webp","width":1920,"height":1080,"caption":"EKW-4"},{"@type":"BreadcrumbList","@id":"https:\/\/leren-zonder-grenzen.com\/de\/event\/kick-off-ekw-4\/#breadcrumb","itemListElement":[{"@type":"ListItem","position":1,"name":"Home","item":"https:\/\/leren-zonder-grenzen.com\/de\/home\/"},{"@type":"ListItem","position":2,"name":"Events","item":"https:\/\/leren-zonder-grenzen.com\/de\/events\/"},{"@type":"ListItem","position":3,"name":"Kick-off EKW-4"}]},{"@type":"WebSite","@id":"https:\/\/leren-zonder-grenzen.com\/de\/#website","url":"https:\/\/leren-zonder-grenzen.com\/de\/","name":"Lernen ohne Grenzen","description":"Grenzenlos entdecken","publisher":{"@id":"https:\/\/leren-zonder-grenzen.com\/de\/#organization"},"alternateName":"LZG","potentialAction":[{"@type":"SearchAction","target":{"@type":"EntryPoint","urlTemplate":"https:\/\/leren-zonder-grenzen.com\/de\/?s={search_term_string}"},"query-input":{"@type":"PropertyValueSpecification","valueRequired":true,"valueName":"search_term_string"}}],"inLanguage":"de"},{"@type":"Organization","@id":"https:\/\/leren-zonder-grenzen.com\/de\/#organization","name":"Leren zonder grenzen","alternateName":"LZG","url":"https:\/\/leren-zonder-grenzen.com\/de\/","logo":{"@type":"ImageObject","inLanguage":"de","@id":"https:\/\/leren-zonder-grenzen.com\/de\/#\/schema\/logo\/image\/","url":"https:\/\/leren-zonder-grenzen.com\/wp-content\/uploads\/2022\/12\/header-logo-leren-zonder-grenzen.svg","contentUrl":"https:\/\/leren-zonder-grenzen.com\/wp-content\/uploads\/2022\/12\/header-logo-leren-zonder-grenzen.svg","width":126,"height":181,"caption":"Leren zonder grenzen"},"image":{"@id":"https:\/\/leren-zonder-grenzen.com\/de\/#\/schema\/logo\/image\/"},"sameAs":["https:\/\/www.facebook.com\/profile.php?id=100047355472830"]}]}},"_links":{"self":[{"href":"https:\/\/leren-zonder-grenzen.com\/de\/wp-json\/wp\/v2\/event\/1770","targetHints":{"allow":["GET"]}}],"collection":[{"href":"https:\/\/leren-zonder-grenzen.com\/de\/wp-json\/wp\/v2\/event"}],"about":[{"href":"https:\/\/leren-zonder-grenzen.com\/de\/wp-json\/wp\/v2\/types\/event"}],"wp:featuredmedia":[{"embeddable":true,"href":"https:\/\/leren-zonder-grenzen.com\/de\/wp-json\/wp\/v2\/media\/693"}],"wp:attachment":[{"href":"https:\/\/leren-zonder-grenzen.com\/de\/wp-json\/wp\/v2\/media?parent=1770"}],"curies":[{"name":"wp","href":"https:\/\/api.w.org\/{rel}","templated":true}]}}