{"id":1929,"date":"2023-09-26T11:09:30","date_gmt":"2023-09-26T09:09:30","guid":{"rendered":"https:\/\/leren-zonder-grenzen.com\/event\/fuenfte-grenzlandkonferenz\/"},"modified":"2023-09-28T11:29:32","modified_gmt":"2023-09-28T09:29:32","slug":"fuenfte-grenzlandkonferenz","status":"publish","type":"event","link":"https:\/\/leren-zonder-grenzen.com\/de\/event\/fuenfte-grenzlandkonferenz\/","title":{"rendered":"F\u00fcnfte Grenzlandkonferenz"},"content":{"rendered":"<p>Am Mittwoch, den 6. Dezember, findet in Nijmegen die f\u00fcnfte Grenzlandkonferenz Niederlande &#8211; Nordrhein-Westfalen statt.<br \/>\nIm Mittelpunkt des Tages steht die Zusammenarbeit in der Grenzregion zwischen den Niederlanden und Nordrhein-Westfalen. Die Konferenz wird nicht nur einen R\u00fcckblick auf die Erfolge seit der letzten Aachener Grenslandkonferenz bieten, sondern auch die neue Grensland-Agenda pr\u00e4sentieren. Au\u00dferdem wird zum vierten Mal der Grenslandpreis verliehen. Weitere Informationen werden folgen!<br \/>\n<img loading=\"lazy\" decoding=\"async\" class=\"alignnone size-large wp-image-1324\" src=\"https:\/\/leren-zonder-grenzen.com\/wp-content\/uploads\/2023\/04\/20230417-WeekvInternationalisering_15-1024x683.webp\" alt=\"\" width=\"800\" height=\"534\" srcset=\"https:\/\/leren-zonder-grenzen.com\/wp-content\/uploads\/2023\/04\/20230417-WeekvInternationalisering_15-1024x683.webp 1024w, https:\/\/leren-zonder-grenzen.com\/wp-content\/uploads\/2023\/04\/20230417-WeekvInternationalisering_15-300x200.webp 300w, https:\/\/leren-zonder-grenzen.com\/wp-content\/uploads\/2023\/04\/20230417-WeekvInternationalisering_15-768x512.webp 768w, https:\/\/leren-zonder-grenzen.com\/wp-content\/uploads\/2023\/04\/20230417-WeekvInternationalisering_15-600x400.webp 600w, https:\/\/leren-zonder-grenzen.com\/wp-content\/uploads\/2023\/04\/20230417-WeekvInternationalisering_15-500x333.webp 500w, https:\/\/leren-zonder-grenzen.com\/wp-content\/uploads\/2023\/04\/20230417-WeekvInternationalisering_15-800x533.webp 800w, https:\/\/leren-zonder-grenzen.com\/wp-content\/uploads\/2023\/04\/20230417-WeekvInternationalisering_15.webp 1200w\" sizes=\"auto, (max-width: 800px) 100vw, 800px\" \/><\/p>\n","protected":false},"excerpt":{"rendered":"<p>Am Mittwoch, den 6. Dezember, findet in Nijmegen die f\u00fcnfte Grenzlandkonferenz Niederlande &#8211; Nordrhein-Westfalen statt. Im Mittelpunkt des Tages steht die Zusammenarbeit in der Grenzregion zwischen den Niederlanden und Nordrhein-Westfalen. Die Konferenz wird nicht nur einen R\u00fcckblick auf die Erfolge seit der letzten Aachener Grenslandkonferenz bieten, sondern auch die neue Grensland-Agenda pr\u00e4sentieren. Au\u00dferdem wird zum [&hellip;]<\/p>\n","protected":false},"featured_media":1325,"parent":0,"menu_order":0,"template":"","class_list":["post-1929","event","type-event","status-publish","has-post-thumbnail","hentry"],"acf":[],"yoast_head":"<!-- This site is optimized with the Yoast SEO plugin v27.5 - https:\/\/yoast.com\/product\/yoast-seo-wordpress\/ -->\n<title>F\u00fcnfte Grenzlandkonferenz - Lernen ohne Grenzen<\/title>\n<meta name=\"robots\" content=\"index, follow, max-snippet:-1, max-image-preview:large, max-video-preview:-1\" \/>\n<link rel=\"canonical\" href=\"https:\/\/leren-zonder-grenzen.com\/de\/event\/fuenfte-grenzlandkonferenz\/\" \/>\n<meta property=\"og:locale\" content=\"de_DE\" \/>\n<meta property=\"og:type\" content=\"article\" \/>\n<meta property=\"og:title\" content=\"F\u00fcnfte Grenzlandkonferenz - Lernen ohne Grenzen\" \/>\n<meta property=\"og:description\" content=\"Am Mittwoch, den 6. Dezember, findet in Nijmegen die f\u00fcnfte Grenzlandkonferenz Niederlande &#8211; Nordrhein-Westfalen statt. Im Mittelpunkt des Tages steht die Zusammenarbeit in der Grenzregion zwischen den Niederlanden und Nordrhein-Westfalen. Die Konferenz wird nicht nur einen R\u00fcckblick auf die Erfolge seit der letzten Aachener Grenslandkonferenz bieten, sondern auch die neue Grensland-Agenda pr\u00e4sentieren. Au\u00dferdem wird zum [&hellip;]\" \/>\n<meta property=\"og:url\" content=\"https:\/\/leren-zonder-grenzen.com\/de\/event\/fuenfte-grenzlandkonferenz\/\" \/>\n<meta property=\"og:site_name\" content=\"Lernen ohne Grenzen\" \/>\n<meta property=\"article:publisher\" content=\"https:\/\/www.facebook.com\/profile.php?id=100047355472830\" \/>\n<meta property=\"article:modified_time\" content=\"2023-09-28T09:29:32+00:00\" \/>\n<meta property=\"og:image\" content=\"https:\/\/leren-zonder-grenzen.com\/wp-content\/uploads\/2023\/04\/20230417-WeekvInternationalisering_15.webp\" \/>\n\t<meta property=\"og:image:width\" content=\"1200\" \/>\n\t<meta property=\"og:image:height\" content=\"800\" \/>\n\t<meta property=\"og:image:type\" content=\"image\/webp\" \/>\n<meta name=\"twitter:card\" content=\"summary_large_image\" \/>\n<script type=\"application\/ld+json\" class=\"yoast-schema-graph\">{\"@context\":\"https:\\\/\\\/schema.org\",\"@graph\":[{\"@type\":\"WebPage\",\"@id\":\"https:\\\/\\\/leren-zonder-grenzen.com\\\/de\\\/event\\\/fuenfte-grenzlandkonferenz\\\/\",\"url\":\"https:\\\/\\\/leren-zonder-grenzen.com\\\/de\\\/event\\\/fuenfte-grenzlandkonferenz\\\/\",\"name\":\"F\u00fcnfte Grenzlandkonferenz - Lernen ohne Grenzen\",\"isPartOf\":{\"@id\":\"https:\\\/\\\/leren-zonder-grenzen.com\\\/de\\\/#website\"},\"primaryImageOfPage\":{\"@id\":\"https:\\\/\\\/leren-zonder-grenzen.com\\\/de\\\/event\\\/fuenfte-grenzlandkonferenz\\\/#primaryimage\"},\"image\":{\"@id\":\"https:\\\/\\\/leren-zonder-grenzen.com\\\/de\\\/event\\\/fuenfte-grenzlandkonferenz\\\/#primaryimage\"},\"thumbnailUrl\":\"https:\\\/\\\/leren-zonder-grenzen.com\\\/wp-content\\\/uploads\\\/2023\\\/04\\\/20230417-WeekvInternationalisering_15.webp\",\"datePublished\":\"2023-09-26T09:09:30+00:00\",\"dateModified\":\"2023-09-28T09:29:32+00:00\",\"breadcrumb\":{\"@id\":\"https:\\\/\\\/leren-zonder-grenzen.com\\\/de\\\/event\\\/fuenfte-grenzlandkonferenz\\\/#breadcrumb\"},\"inLanguage\":\"de\",\"potentialAction\":[{\"@type\":\"ReadAction\",\"target\":[\"https:\\\/\\\/leren-zonder-grenzen.com\\\/de\\\/event\\\/fuenfte-grenzlandkonferenz\\\/\"]}]},{\"@type\":\"ImageObject\",\"inLanguage\":\"de\",\"@id\":\"https:\\\/\\\/leren-zonder-grenzen.com\\\/de\\\/event\\\/fuenfte-grenzlandkonferenz\\\/#primaryimage\",\"url\":\"https:\\\/\\\/leren-zonder-grenzen.com\\\/wp-content\\\/uploads\\\/2023\\\/04\\\/20230417-WeekvInternationalisering_15.webp\",\"contentUrl\":\"https:\\\/\\\/leren-zonder-grenzen.com\\\/wp-content\\\/uploads\\\/2023\\\/04\\\/20230417-WeekvInternationalisering_15.webp\",\"width\":1200,\"height\":800},{\"@type\":\"BreadcrumbList\",\"@id\":\"https:\\\/\\\/leren-zonder-grenzen.com\\\/de\\\/event\\\/fuenfte-grenzlandkonferenz\\\/#breadcrumb\",\"itemListElement\":[{\"@type\":\"ListItem\",\"position\":1,\"name\":\"Home\",\"item\":\"https:\\\/\\\/leren-zonder-grenzen.com\\\/de\\\/home\\\/\"},{\"@type\":\"ListItem\",\"position\":2,\"name\":\"Events\",\"item\":\"https:\\\/\\\/leren-zonder-grenzen.com\\\/de\\\/events\\\/\"},{\"@type\":\"ListItem\",\"position\":3,\"name\":\"F\u00fcnfte Grenzlandkonferenz\"}]},{\"@type\":\"WebSite\",\"@id\":\"https:\\\/\\\/leren-zonder-grenzen.com\\\/de\\\/#website\",\"url\":\"https:\\\/\\\/leren-zonder-grenzen.com\\\/de\\\/\",\"name\":\"Lernen ohne Grenzen\",\"description\":\"Grenzenlos entdecken\",\"publisher\":{\"@id\":\"https:\\\/\\\/leren-zonder-grenzen.com\\\/de\\\/#organization\"},\"alternateName\":\"LZG\",\"potentialAction\":[{\"@type\":\"SearchAction\",\"target\":{\"@type\":\"EntryPoint\",\"urlTemplate\":\"https:\\\/\\\/leren-zonder-grenzen.com\\\/de\\\/?s={search_term_string}\"},\"query-input\":{\"@type\":\"PropertyValueSpecification\",\"valueRequired\":true,\"valueName\":\"search_term_string\"}}],\"inLanguage\":\"de\"},{\"@type\":\"Organization\",\"@id\":\"https:\\\/\\\/leren-zonder-grenzen.com\\\/de\\\/#organization\",\"name\":\"Leren zonder grenzen\",\"alternateName\":\"LZG\",\"url\":\"https:\\\/\\\/leren-zonder-grenzen.com\\\/de\\\/\",\"logo\":{\"@type\":\"ImageObject\",\"inLanguage\":\"de\",\"@id\":\"https:\\\/\\\/leren-zonder-grenzen.com\\\/de\\\/#\\\/schema\\\/logo\\\/image\\\/\",\"url\":\"https:\\\/\\\/leren-zonder-grenzen.com\\\/wp-content\\\/uploads\\\/2022\\\/12\\\/header-logo-leren-zonder-grenzen.svg\",\"contentUrl\":\"https:\\\/\\\/leren-zonder-grenzen.com\\\/wp-content\\\/uploads\\\/2022\\\/12\\\/header-logo-leren-zonder-grenzen.svg\",\"width\":126,\"height\":181,\"caption\":\"Leren zonder grenzen\"},\"image\":{\"@id\":\"https:\\\/\\\/leren-zonder-grenzen.com\\\/de\\\/#\\\/schema\\\/logo\\\/image\\\/\"},\"sameAs\":[\"https:\\\/\\\/www.facebook.com\\\/profile.php?id=100047355472830\"]}]}<\/script>\n<!-- \/ Yoast SEO plugin. -->","yoast_head_json":{"title":"F\u00fcnfte Grenzlandkonferenz - Lernen ohne Grenzen","robots":{"index":"index","follow":"follow","max-snippet":"max-snippet:-1","max-image-preview":"max-image-preview:large","max-video-preview":"max-video-preview:-1"},"canonical":"https:\/\/leren-zonder-grenzen.com\/de\/event\/fuenfte-grenzlandkonferenz\/","og_locale":"de_DE","og_type":"article","og_title":"F\u00fcnfte Grenzlandkonferenz - Lernen ohne Grenzen","og_description":"Am Mittwoch, den 6. Dezember, findet in Nijmegen die f\u00fcnfte Grenzlandkonferenz Niederlande &#8211; Nordrhein-Westfalen statt. Im Mittelpunkt des Tages steht die Zusammenarbeit in der Grenzregion zwischen den Niederlanden und Nordrhein-Westfalen. Die Konferenz wird nicht nur einen R\u00fcckblick auf die Erfolge seit der letzten Aachener Grenslandkonferenz bieten, sondern auch die neue Grensland-Agenda pr\u00e4sentieren. Au\u00dferdem wird zum [&hellip;]","og_url":"https:\/\/leren-zonder-grenzen.com\/de\/event\/fuenfte-grenzlandkonferenz\/","og_site_name":"Lernen ohne Grenzen","article_publisher":"https:\/\/www.facebook.com\/profile.php?id=100047355472830","article_modified_time":"2023-09-28T09:29:32+00:00","og_image":[{"width":1200,"height":800,"url":"https:\/\/leren-zonder-grenzen.com\/wp-content\/uploads\/2023\/04\/20230417-WeekvInternationalisering_15.webp","type":"image\/webp"}],"twitter_card":"summary_large_image","schema":{"@context":"https:\/\/schema.org","@graph":[{"@type":"WebPage","@id":"https:\/\/leren-zonder-grenzen.com\/de\/event\/fuenfte-grenzlandkonferenz\/","url":"https:\/\/leren-zonder-grenzen.com\/de\/event\/fuenfte-grenzlandkonferenz\/","name":"F\u00fcnfte Grenzlandkonferenz - Lernen ohne Grenzen","isPartOf":{"@id":"https:\/\/leren-zonder-grenzen.com\/de\/#website"},"primaryImageOfPage":{"@id":"https:\/\/leren-zonder-grenzen.com\/de\/event\/fuenfte-grenzlandkonferenz\/#primaryimage"},"image":{"@id":"https:\/\/leren-zonder-grenzen.com\/de\/event\/fuenfte-grenzlandkonferenz\/#primaryimage"},"thumbnailUrl":"https:\/\/leren-zonder-grenzen.com\/wp-content\/uploads\/2023\/04\/20230417-WeekvInternationalisering_15.webp","datePublished":"2023-09-26T09:09:30+00:00","dateModified":"2023-09-28T09:29:32+00:00","breadcrumb":{"@id":"https:\/\/leren-zonder-grenzen.com\/de\/event\/fuenfte-grenzlandkonferenz\/#breadcrumb"},"inLanguage":"de","potentialAction":[{"@type":"ReadAction","target":["https:\/\/leren-zonder-grenzen.com\/de\/event\/fuenfte-grenzlandkonferenz\/"]}]},{"@type":"ImageObject","inLanguage":"de","@id":"https:\/\/leren-zonder-grenzen.com\/de\/event\/fuenfte-grenzlandkonferenz\/#primaryimage","url":"https:\/\/leren-zonder-grenzen.com\/wp-content\/uploads\/2023\/04\/20230417-WeekvInternationalisering_15.webp","contentUrl":"https:\/\/leren-zonder-grenzen.com\/wp-content\/uploads\/2023\/04\/20230417-WeekvInternationalisering_15.webp","width":1200,"height":800},{"@type":"BreadcrumbList","@id":"https:\/\/leren-zonder-grenzen.com\/de\/event\/fuenfte-grenzlandkonferenz\/#breadcrumb","itemListElement":[{"@type":"ListItem","position":1,"name":"Home","item":"https:\/\/leren-zonder-grenzen.com\/de\/home\/"},{"@type":"ListItem","position":2,"name":"Events","item":"https:\/\/leren-zonder-grenzen.com\/de\/events\/"},{"@type":"ListItem","position":3,"name":"F\u00fcnfte Grenzlandkonferenz"}]},{"@type":"WebSite","@id":"https:\/\/leren-zonder-grenzen.com\/de\/#website","url":"https:\/\/leren-zonder-grenzen.com\/de\/","name":"Lernen ohne Grenzen","description":"Grenzenlos entdecken","publisher":{"@id":"https:\/\/leren-zonder-grenzen.com\/de\/#organization"},"alternateName":"LZG","potentialAction":[{"@type":"SearchAction","target":{"@type":"EntryPoint","urlTemplate":"https:\/\/leren-zonder-grenzen.com\/de\/?s={search_term_string}"},"query-input":{"@type":"PropertyValueSpecification","valueRequired":true,"valueName":"search_term_string"}}],"inLanguage":"de"},{"@type":"Organization","@id":"https:\/\/leren-zonder-grenzen.com\/de\/#organization","name":"Leren zonder grenzen","alternateName":"LZG","url":"https:\/\/leren-zonder-grenzen.com\/de\/","logo":{"@type":"ImageObject","inLanguage":"de","@id":"https:\/\/leren-zonder-grenzen.com\/de\/#\/schema\/logo\/image\/","url":"https:\/\/leren-zonder-grenzen.com\/wp-content\/uploads\/2022\/12\/header-logo-leren-zonder-grenzen.svg","contentUrl":"https:\/\/leren-zonder-grenzen.com\/wp-content\/uploads\/2022\/12\/header-logo-leren-zonder-grenzen.svg","width":126,"height":181,"caption":"Leren zonder grenzen"},"image":{"@id":"https:\/\/leren-zonder-grenzen.com\/de\/#\/schema\/logo\/image\/"},"sameAs":["https:\/\/www.facebook.com\/profile.php?id=100047355472830"]}]}},"_links":{"self":[{"href":"https:\/\/leren-zonder-grenzen.com\/de\/wp-json\/wp\/v2\/event\/1929","targetHints":{"allow":["GET"]}}],"collection":[{"href":"https:\/\/leren-zonder-grenzen.com\/de\/wp-json\/wp\/v2\/event"}],"about":[{"href":"https:\/\/leren-zonder-grenzen.com\/de\/wp-json\/wp\/v2\/types\/event"}],"wp:featuredmedia":[{"embeddable":true,"href":"https:\/\/leren-zonder-grenzen.com\/de\/wp-json\/wp\/v2\/media\/1325"}],"wp:attachment":[{"href":"https:\/\/leren-zonder-grenzen.com\/de\/wp-json\/wp\/v2\/media?parent=1929"}],"curies":[{"name":"wp","href":"https:\/\/api.w.org\/{rel}","templated":true}]}}