{"id":2104,"date":"2023-10-30T14:41:33","date_gmt":"2023-10-30T13:41:33","guid":{"rendered":"https:\/\/leren-zonder-grenzen.com\/event\/einladung-zum-achterhoek-food-kongress-am-6-november\/"},"modified":"2023-10-30T15:15:40","modified_gmt":"2023-10-30T14:15:40","slug":"einladung-zum-achterhoek-food-kongress-am-6-november","status":"publish","type":"event","link":"https:\/\/leren-zonder-grenzen.com\/de\/event\/einladung-zum-achterhoek-food-kongress-am-6-november\/","title":{"rendered":"Einladung zum Achterhoek Food Kongress am 6. November!"},"content":{"rendered":"<p>Wir freuen uns, Sie herzlich zum Achterhoek Food Kongress einzuladen, der am Montag, den 6. November von 13.00 bis 17.00 Uhr im DRU Industriepark (Hutteweg 24, 7071 BV Ulft) stattfinden wird.<\/p>\n<p>Bitte melden Sie sich bis sp\u00e4testens Montag, den 30. November, an, um sicherzustellen, dass wir f\u00fcr Ihr leibliches Wohl bestens gesorgt sind. Sollten Sie besondere Ern\u00e4hrungsw\u00fcnsche haben, teilen Sie uns diese bitte mit.<\/p>\n<p>Das Programm wird wie folgt aussehen:<\/p>\n<ul>\n<li>13.00-13.15 Uhr: Empfang mit Kaffee\/Tee<\/li>\n<li>13:15-14:15 Uhr: Informationen und Best Practice<\/li>\n<li>14.15-14.40 Uhr: Pause + Gespr\u00e4che<\/li>\n<li>14.40-15.10 Uhr: Feedback im Plenum<\/li>\n<li>15.10-15.15 Uhr: Schlusswort<\/li>\n<li>15:15-16:30 Uhr: Abstimmung EKW Hospitality, Gastgewerbe und Tourismus<\/li>\n<li>16.30-17.00 Uhr: gem\u00fctlicher Ausklang<\/li>\n<\/ul>\n<p>Wir freuen uns auf interessante Diskussionen und eine fruchtbare Zusammenarbeit!<\/p>\n<p>Sabine Preuss (EKW Leiter Horeca)<br \/>\nEuregio-Projektleiter<\/p>\n<p>Kerstin Garritsen<br \/>\nInterreg VI-Projektkoordinatorin<\/p>\n","protected":false},"excerpt":{"rendered":"<p>Wir freuen uns, Sie herzlich zum Achterhoek Food Kongress einzuladen, der am Montag, den 6. November von 13.00 bis 17.00 Uhr im DRU Industriepark (Hutteweg 24, 7071 BV Ulft) stattfinden wird. Bitte melden Sie sich bis sp\u00e4testens Montag, den 30. November, an, um sicherzustellen, dass wir f\u00fcr Ihr leibliches Wohl bestens gesorgt sind. Sollten Sie [&hellip;]<\/p>\n","protected":false},"featured_media":2100,"parent":0,"menu_order":0,"template":"","class_list":["post-2104","event","type-event","status-publish","has-post-thumbnail","hentry"],"acf":[],"yoast_head":"<!-- This site is optimized with the Yoast SEO plugin v27.5 - https:\/\/yoast.com\/product\/yoast-seo-wordpress\/ -->\n<title>Einladung zum Achterhoek Food Kongress am 6. November! - Lernen ohne Grenzen<\/title>\n<meta name=\"robots\" content=\"index, follow, max-snippet:-1, max-image-preview:large, max-video-preview:-1\" \/>\n<link rel=\"canonical\" href=\"https:\/\/leren-zonder-grenzen.com\/de\/event\/einladung-zum-achterhoek-food-kongress-am-6-november\/\" \/>\n<meta property=\"og:locale\" content=\"de_DE\" \/>\n<meta property=\"og:type\" content=\"article\" \/>\n<meta property=\"og:title\" content=\"Einladung zum Achterhoek Food Kongress am 6. November! - Lernen ohne Grenzen\" \/>\n<meta property=\"og:description\" content=\"Wir freuen uns, Sie herzlich zum Achterhoek Food Kongress einzuladen, der am Montag, den 6. November von 13.00 bis 17.00 Uhr im DRU Industriepark (Hutteweg 24, 7071 BV Ulft) stattfinden wird. Bitte melden Sie sich bis sp\u00e4testens Montag, den 30. November, an, um sicherzustellen, dass wir f\u00fcr Ihr leibliches Wohl bestens gesorgt sind. Sollten Sie [&hellip;]\" \/>\n<meta property=\"og:url\" content=\"https:\/\/leren-zonder-grenzen.com\/de\/event\/einladung-zum-achterhoek-food-kongress-am-6-november\/\" \/>\n<meta property=\"og:site_name\" content=\"Lernen ohne Grenzen\" \/>\n<meta property=\"article:publisher\" content=\"https:\/\/www.facebook.com\/profile.php?id=100047355472830\" \/>\n<meta property=\"article:modified_time\" content=\"2023-10-30T14:15:40+00:00\" \/>\n<meta property=\"og:image\" content=\"https:\/\/leren-zonder-grenzen.com\/wp-content\/uploads\/2023\/10\/Green-Orange-Food-Instagram-Post.webp\" \/>\n\t<meta property=\"og:image:width\" content=\"1080\" \/>\n\t<meta property=\"og:image:height\" content=\"1080\" \/>\n\t<meta property=\"og:image:type\" content=\"image\/webp\" \/>\n<meta name=\"twitter:card\" content=\"summary_large_image\" \/>\n<meta name=\"twitter:label1\" content=\"Gesch\u00e4tzte Lesezeit\" \/>\n\t<meta name=\"twitter:data1\" content=\"1\u00a0Minute\" \/>\n<script type=\"application\/ld+json\" class=\"yoast-schema-graph\">{\"@context\":\"https:\\\/\\\/schema.org\",\"@graph\":[{\"@type\":\"WebPage\",\"@id\":\"https:\\\/\\\/leren-zonder-grenzen.com\\\/de\\\/event\\\/einladung-zum-achterhoek-food-kongress-am-6-november\\\/\",\"url\":\"https:\\\/\\\/leren-zonder-grenzen.com\\\/de\\\/event\\\/einladung-zum-achterhoek-food-kongress-am-6-november\\\/\",\"name\":\"Einladung zum Achterhoek Food Kongress am 6. November! - Lernen ohne Grenzen\",\"isPartOf\":{\"@id\":\"https:\\\/\\\/leren-zonder-grenzen.com\\\/de\\\/#website\"},\"primaryImageOfPage\":{\"@id\":\"https:\\\/\\\/leren-zonder-grenzen.com\\\/de\\\/event\\\/einladung-zum-achterhoek-food-kongress-am-6-november\\\/#primaryimage\"},\"image\":{\"@id\":\"https:\\\/\\\/leren-zonder-grenzen.com\\\/de\\\/event\\\/einladung-zum-achterhoek-food-kongress-am-6-november\\\/#primaryimage\"},\"thumbnailUrl\":\"https:\\\/\\\/leren-zonder-grenzen.com\\\/wp-content\\\/uploads\\\/2023\\\/10\\\/Green-Orange-Food-Instagram-Post.webp\",\"datePublished\":\"2023-10-30T13:41:33+00:00\",\"dateModified\":\"2023-10-30T14:15:40+00:00\",\"breadcrumb\":{\"@id\":\"https:\\\/\\\/leren-zonder-grenzen.com\\\/de\\\/event\\\/einladung-zum-achterhoek-food-kongress-am-6-november\\\/#breadcrumb\"},\"inLanguage\":\"de\",\"potentialAction\":[{\"@type\":\"ReadAction\",\"target\":[\"https:\\\/\\\/leren-zonder-grenzen.com\\\/de\\\/event\\\/einladung-zum-achterhoek-food-kongress-am-6-november\\\/\"]}]},{\"@type\":\"ImageObject\",\"inLanguage\":\"de\",\"@id\":\"https:\\\/\\\/leren-zonder-grenzen.com\\\/de\\\/event\\\/einladung-zum-achterhoek-food-kongress-am-6-november\\\/#primaryimage\",\"url\":\"https:\\\/\\\/leren-zonder-grenzen.com\\\/wp-content\\\/uploads\\\/2023\\\/10\\\/Green-Orange-Food-Instagram-Post.webp\",\"contentUrl\":\"https:\\\/\\\/leren-zonder-grenzen.com\\\/wp-content\\\/uploads\\\/2023\\\/10\\\/Green-Orange-Food-Instagram-Post.webp\",\"width\":1080,\"height\":1080},{\"@type\":\"BreadcrumbList\",\"@id\":\"https:\\\/\\\/leren-zonder-grenzen.com\\\/de\\\/event\\\/einladung-zum-achterhoek-food-kongress-am-6-november\\\/#breadcrumb\",\"itemListElement\":[{\"@type\":\"ListItem\",\"position\":1,\"name\":\"Home\",\"item\":\"https:\\\/\\\/leren-zonder-grenzen.com\\\/de\\\/home\\\/\"},{\"@type\":\"ListItem\",\"position\":2,\"name\":\"Events\",\"item\":\"https:\\\/\\\/leren-zonder-grenzen.com\\\/de\\\/events\\\/\"},{\"@type\":\"ListItem\",\"position\":3,\"name\":\"Einladung zum Achterhoek Food Kongress am 6. November!\"}]},{\"@type\":\"WebSite\",\"@id\":\"https:\\\/\\\/leren-zonder-grenzen.com\\\/de\\\/#website\",\"url\":\"https:\\\/\\\/leren-zonder-grenzen.com\\\/de\\\/\",\"name\":\"Lernen ohne Grenzen\",\"description\":\"Grenzenlos entdecken\",\"publisher\":{\"@id\":\"https:\\\/\\\/leren-zonder-grenzen.com\\\/de\\\/#organization\"},\"alternateName\":\"LZG\",\"potentialAction\":[{\"@type\":\"SearchAction\",\"target\":{\"@type\":\"EntryPoint\",\"urlTemplate\":\"https:\\\/\\\/leren-zonder-grenzen.com\\\/de\\\/?s={search_term_string}\"},\"query-input\":{\"@type\":\"PropertyValueSpecification\",\"valueRequired\":true,\"valueName\":\"search_term_string\"}}],\"inLanguage\":\"de\"},{\"@type\":\"Organization\",\"@id\":\"https:\\\/\\\/leren-zonder-grenzen.com\\\/de\\\/#organization\",\"name\":\"Leren zonder grenzen\",\"alternateName\":\"LZG\",\"url\":\"https:\\\/\\\/leren-zonder-grenzen.com\\\/de\\\/\",\"logo\":{\"@type\":\"ImageObject\",\"inLanguage\":\"de\",\"@id\":\"https:\\\/\\\/leren-zonder-grenzen.com\\\/de\\\/#\\\/schema\\\/logo\\\/image\\\/\",\"url\":\"https:\\\/\\\/leren-zonder-grenzen.com\\\/wp-content\\\/uploads\\\/2022\\\/12\\\/header-logo-leren-zonder-grenzen.svg\",\"contentUrl\":\"https:\\\/\\\/leren-zonder-grenzen.com\\\/wp-content\\\/uploads\\\/2022\\\/12\\\/header-logo-leren-zonder-grenzen.svg\",\"width\":126,\"height\":181,\"caption\":\"Leren zonder grenzen\"},\"image\":{\"@id\":\"https:\\\/\\\/leren-zonder-grenzen.com\\\/de\\\/#\\\/schema\\\/logo\\\/image\\\/\"},\"sameAs\":[\"https:\\\/\\\/www.facebook.com\\\/profile.php?id=100047355472830\"]}]}<\/script>\n<!-- \/ Yoast SEO plugin. -->","yoast_head_json":{"title":"Einladung zum Achterhoek Food Kongress am 6. November! - Lernen ohne Grenzen","robots":{"index":"index","follow":"follow","max-snippet":"max-snippet:-1","max-image-preview":"max-image-preview:large","max-video-preview":"max-video-preview:-1"},"canonical":"https:\/\/leren-zonder-grenzen.com\/de\/event\/einladung-zum-achterhoek-food-kongress-am-6-november\/","og_locale":"de_DE","og_type":"article","og_title":"Einladung zum Achterhoek Food Kongress am 6. November! - Lernen ohne Grenzen","og_description":"Wir freuen uns, Sie herzlich zum Achterhoek Food Kongress einzuladen, der am Montag, den 6. November von 13.00 bis 17.00 Uhr im DRU Industriepark (Hutteweg 24, 7071 BV Ulft) stattfinden wird. Bitte melden Sie sich bis sp\u00e4testens Montag, den 30. November, an, um sicherzustellen, dass wir f\u00fcr Ihr leibliches Wohl bestens gesorgt sind. Sollten Sie [&hellip;]","og_url":"https:\/\/leren-zonder-grenzen.com\/de\/event\/einladung-zum-achterhoek-food-kongress-am-6-november\/","og_site_name":"Lernen ohne Grenzen","article_publisher":"https:\/\/www.facebook.com\/profile.php?id=100047355472830","article_modified_time":"2023-10-30T14:15:40+00:00","og_image":[{"width":1080,"height":1080,"url":"https:\/\/leren-zonder-grenzen.com\/wp-content\/uploads\/2023\/10\/Green-Orange-Food-Instagram-Post.webp","type":"image\/webp"}],"twitter_card":"summary_large_image","twitter_misc":{"Gesch\u00e4tzte Lesezeit":"1\u00a0Minute"},"schema":{"@context":"https:\/\/schema.org","@graph":[{"@type":"WebPage","@id":"https:\/\/leren-zonder-grenzen.com\/de\/event\/einladung-zum-achterhoek-food-kongress-am-6-november\/","url":"https:\/\/leren-zonder-grenzen.com\/de\/event\/einladung-zum-achterhoek-food-kongress-am-6-november\/","name":"Einladung zum Achterhoek Food Kongress am 6. November! - Lernen ohne Grenzen","isPartOf":{"@id":"https:\/\/leren-zonder-grenzen.com\/de\/#website"},"primaryImageOfPage":{"@id":"https:\/\/leren-zonder-grenzen.com\/de\/event\/einladung-zum-achterhoek-food-kongress-am-6-november\/#primaryimage"},"image":{"@id":"https:\/\/leren-zonder-grenzen.com\/de\/event\/einladung-zum-achterhoek-food-kongress-am-6-november\/#primaryimage"},"thumbnailUrl":"https:\/\/leren-zonder-grenzen.com\/wp-content\/uploads\/2023\/10\/Green-Orange-Food-Instagram-Post.webp","datePublished":"2023-10-30T13:41:33+00:00","dateModified":"2023-10-30T14:15:40+00:00","breadcrumb":{"@id":"https:\/\/leren-zonder-grenzen.com\/de\/event\/einladung-zum-achterhoek-food-kongress-am-6-november\/#breadcrumb"},"inLanguage":"de","potentialAction":[{"@type":"ReadAction","target":["https:\/\/leren-zonder-grenzen.com\/de\/event\/einladung-zum-achterhoek-food-kongress-am-6-november\/"]}]},{"@type":"ImageObject","inLanguage":"de","@id":"https:\/\/leren-zonder-grenzen.com\/de\/event\/einladung-zum-achterhoek-food-kongress-am-6-november\/#primaryimage","url":"https:\/\/leren-zonder-grenzen.com\/wp-content\/uploads\/2023\/10\/Green-Orange-Food-Instagram-Post.webp","contentUrl":"https:\/\/leren-zonder-grenzen.com\/wp-content\/uploads\/2023\/10\/Green-Orange-Food-Instagram-Post.webp","width":1080,"height":1080},{"@type":"BreadcrumbList","@id":"https:\/\/leren-zonder-grenzen.com\/de\/event\/einladung-zum-achterhoek-food-kongress-am-6-november\/#breadcrumb","itemListElement":[{"@type":"ListItem","position":1,"name":"Home","item":"https:\/\/leren-zonder-grenzen.com\/de\/home\/"},{"@type":"ListItem","position":2,"name":"Events","item":"https:\/\/leren-zonder-grenzen.com\/de\/events\/"},{"@type":"ListItem","position":3,"name":"Einladung zum Achterhoek Food Kongress am 6. November!"}]},{"@type":"WebSite","@id":"https:\/\/leren-zonder-grenzen.com\/de\/#website","url":"https:\/\/leren-zonder-grenzen.com\/de\/","name":"Lernen ohne Grenzen","description":"Grenzenlos entdecken","publisher":{"@id":"https:\/\/leren-zonder-grenzen.com\/de\/#organization"},"alternateName":"LZG","potentialAction":[{"@type":"SearchAction","target":{"@type":"EntryPoint","urlTemplate":"https:\/\/leren-zonder-grenzen.com\/de\/?s={search_term_string}"},"query-input":{"@type":"PropertyValueSpecification","valueRequired":true,"valueName":"search_term_string"}}],"inLanguage":"de"},{"@type":"Organization","@id":"https:\/\/leren-zonder-grenzen.com\/de\/#organization","name":"Leren zonder grenzen","alternateName":"LZG","url":"https:\/\/leren-zonder-grenzen.com\/de\/","logo":{"@type":"ImageObject","inLanguage":"de","@id":"https:\/\/leren-zonder-grenzen.com\/de\/#\/schema\/logo\/image\/","url":"https:\/\/leren-zonder-grenzen.com\/wp-content\/uploads\/2022\/12\/header-logo-leren-zonder-grenzen.svg","contentUrl":"https:\/\/leren-zonder-grenzen.com\/wp-content\/uploads\/2022\/12\/header-logo-leren-zonder-grenzen.svg","width":126,"height":181,"caption":"Leren zonder grenzen"},"image":{"@id":"https:\/\/leren-zonder-grenzen.com\/de\/#\/schema\/logo\/image\/"},"sameAs":["https:\/\/www.facebook.com\/profile.php?id=100047355472830"]}]}},"_links":{"self":[{"href":"https:\/\/leren-zonder-grenzen.com\/de\/wp-json\/wp\/v2\/event\/2104","targetHints":{"allow":["GET"]}}],"collection":[{"href":"https:\/\/leren-zonder-grenzen.com\/de\/wp-json\/wp\/v2\/event"}],"about":[{"href":"https:\/\/leren-zonder-grenzen.com\/de\/wp-json\/wp\/v2\/types\/event"}],"wp:featuredmedia":[{"embeddable":true,"href":"https:\/\/leren-zonder-grenzen.com\/de\/wp-json\/wp\/v2\/media\/2100"}],"wp:attachment":[{"href":"https:\/\/leren-zonder-grenzen.com\/de\/wp-json\/wp\/v2\/media?parent=2104"}],"curies":[{"name":"wp","href":"https:\/\/api.w.org\/{rel}","templated":true}]}}