{"id":821,"date":"2022-11-14T09:41:20","date_gmt":"2022-11-14T08:41:20","guid":{"rendered":"https:\/\/leren-zonder-grenzen.com\/event\/auftaktveranstaltung-interreg-vi-projekt\/"},"modified":"2023-02-17T13:37:50","modified_gmt":"2023-02-17T12:37:50","slug":"auftaktveranstaltung-interreg-vi-projekt","status":"publish","type":"event","link":"https:\/\/leren-zonder-grenzen.com\/de\/event\/auftaktveranstaltung-interreg-vi-projekt\/","title":{"rendered":"Auftaktveranstaltung Interreg VI-Projekt"},"content":{"rendered":"<h2>Auftaktveranstaltung Interreg VI-Projekt<\/h2>\n<p><strong>ROC van Twente ist bis 2026 Leadpartner in dem Interreg VI Projekt, das Austausch und Zusammenarbeit zwischen Schulen und Jugendlichen erm\u00f6glicht. Das Projekt wurde am Dienstag, den 29. November 2022 im Rahmen einer festlichen Veranstaltung offiziell vorgestellt.<\/strong><\/p>\n<p>Das INTERREG V Projekt &#8222;Lernen ohne Grenzen&#8220; legte von 2016 bis 2022 den Grundstein f\u00fcr eine Partnerschaft von rund 60 Schulen in den Niederlanden und Deutschland aus der Grenzregion, die durch Austausch und Tandemeins\u00e4tze grenz\u00fcberschreitend zusammen lernen. Im kommenden Zeitraum (2022-2026) soll die Zusammenarbeit weiter ausgelotet und ausgebaut werden. Die beteiligten Schulen und Unternehmen arbeiten daher im Rahmen der so genannten Euregionalen Kenniswerkplaatsen (EKW) an der Erneuerung und Weiterentwicklung von Bildung.<\/p>\n<p><strong>Tandems<\/strong><br \/>\nRob Rouwers ist Projektleiter des Interreg VI Projekts; er war auch an dessen Vorg\u00e4ngerprojekt Interreg V &#8211; Lernen ohne Grenzen beteiligt. Rouwers: &#8222;Das vorangegangene Interreg-Projekt konzentrierte sich auf die Erforschung von Gemeinsamkeiten und Unterschieden in der beruflichen Bildung selbst. Von f\u00fcnf ROC&#8217;s und rund 50 Berufskollegs in Nordrhein Westfalen und Niedersachsen waren 57 D-NL-Lehrertandems und 7000 Sch\u00fclerinnen und Sch\u00fcler aktiv, um die Bildungssysteme besser kennen zu lernen.&#8220;<\/p>\n<p><strong>Breitere Sicht<\/strong><br \/>\nIn Interreg VI liegt der Schwerpunkt auf der Erh\u00f6hung der Arbeitsmarktmobilit\u00e4t. Und dabei schneidet das Messer in zwei Richtungen: Sowohl Arbeitgeber als auch Arbeitnehmer fischen bei der Suche nach einer geeigneten Stelle oder einem geeigneten Mitarbeiter in einem gr\u00f6\u00dferen Teich. Rouwers ist sehr angetan von den Interreg-Projekten. &#8222;Die internationale Zusammenarbeit st\u00e4rkt und inspiriert. Der Blick \u00fcber die Grenzen erm\u00f6glicht einen breiteren Blick auf den eigenen Beruf, und davon profitieren alle, auch der Arbeitgeber&#8220;. Die Euregio tritt angesichts der aktuellen Engp\u00e4sse auf dem Arbeitsmarkt f\u00fcr eine gemeinsame (eu)regionale Politik ein.<\/p>\n<p><strong>EKW<\/strong><br \/>\nBei EKW in Interreg VI, das auf vier Jahre angelegt ist, stehen die Euregionalen Kenniswerkplaatsen im Mittelpunkt, sie sind das Herzst\u00fcck der grenz\u00fcberschreitenden Zusammenarbeit. Der Euregionale Kenniswerkplaats ist eine Plattform f\u00fcr beteiligte Schulen (Lehrkr\u00e4fte und Azubis) und Unternehmen aus der Euregio sich treffen, um sich \u00fcber Innovationen auszutauschen, Wissen zu teilen, zu f\u00f6rdern und zu vertiefen.<\/p>\n<p><strong>Start<\/strong><br \/>\nDie Auftaktveranstaltung in der Grolsch Veste am 29. November 2022 markiert den Abschluss von Interreg V, aber vor allem den Beginn von EKW in Interreg VI.<\/p>\n<p>Das Programm des Tages:<br \/>\n13.30 &#8211; 14.00 Uhr: Eintreffen<br \/>\n<span style=\"font-family: inherit;\">14.00 &#8211; 14.10 Uhr: Begr\u00fc\u00dfung<br \/>\n14.10 &#8211; 14.20 Uhr: Abschluss und R\u00fcckblick auf Interreg V<br \/>\n14.20 &#8211; 15.20 Uhr: Kick off Interreg VI EKW<br \/>\n15.20 &#8211; 15.45 Uhr: Kaffeepause und Netzwerkmoment<br \/>\n15.45 &#8211; 16.15 Uhr: &#8211; Vorstellung der Website Lernen ohne Grenzen f\u00fcr EKW &#8211; GrensMatch: die Matching-App f\u00fcr den Arbeitsmarkt in der Euregio<br \/>\n16.15 &#8211; 16.30 Uhr: Fragerunde und Diskussion<br \/>\n16.30 &#8211; 17.30 Uhr: Zum Abschluss Umtrunk und netzwerken oder eine Stadiontour durch das Stadion des FC-Twente..<\/span><\/p>\n<p>Bis Montag, 21. November 2022, \u00fcber das internationale B\u00fcro anmelden. Kollegen und andere Interessenten sind ebenfalls herzlich eingeladen, sich anzumelden. Wir freuen uns, wenn du teilnimmst und wenn du auch die Stadiontour mitmachen m\u00f6chtest.<\/p>\n<p>Das Kick-Off findet in der Hatrans Lounge I im Diekman-Geb\u00e4ude (De Grolsch Veste), Colosseum 65, 7521 PP Enschede, statt. Die Grolsch Veste verf\u00fcgt \u00fcber ausreichend Parkpl\u00e4tze.<\/p>\n<p>Mit freundlichen Gr\u00fc\u00dfen, <a href=\"mailto:%20rrouwers@rocvantwente.nl\">Rob Rouwers<\/a>, Marcel Wiggers, Hannes Reef<\/p>\n","protected":false},"excerpt":{"rendered":"<p>Auftaktveranstaltung Interreg VI-Projekt ROC van Twente ist bis 2026 Leadpartner in dem Interreg VI Projekt, das Austausch und Zusammenarbeit zwischen Schulen und Jugendlichen erm\u00f6glicht. Das Projekt wurde am Dienstag, den 29. November 2022 im Rahmen einer festlichen Veranstaltung offiziell vorgestellt. Das INTERREG V Projekt &#8222;Lernen ohne Grenzen&#8220; legte von 2016 bis 2022 den Grundstein f\u00fcr [&hellip;]<\/p>\n","protected":false},"featured_media":692,"parent":0,"menu_order":0,"template":"","class_list":["post-821","event","type-event","status-publish","has-post-thumbnail","hentry"],"acf":[],"yoast_head":"<!-- This site is optimized with the Yoast SEO plugin v27.5 - https:\/\/yoast.com\/product\/yoast-seo-wordpress\/ -->\n<title>Auftaktveranstaltung Interreg VI-Projekt - Lernen ohne Grenzen<\/title>\n<meta name=\"robots\" content=\"index, follow, max-snippet:-1, max-image-preview:large, max-video-preview:-1\" \/>\n<link rel=\"canonical\" href=\"https:\/\/leren-zonder-grenzen.com\/de\/event\/auftaktveranstaltung-interreg-vi-projekt\/\" \/>\n<meta property=\"og:locale\" content=\"de_DE\" \/>\n<meta property=\"og:type\" content=\"article\" \/>\n<meta property=\"og:title\" content=\"Auftaktveranstaltung Interreg VI-Projekt - Lernen ohne Grenzen\" \/>\n<meta property=\"og:description\" content=\"Auftaktveranstaltung Interreg VI-Projekt ROC van Twente ist bis 2026 Leadpartner in dem Interreg VI Projekt, das Austausch und Zusammenarbeit zwischen Schulen und Jugendlichen erm\u00f6glicht. Das Projekt wurde am Dienstag, den 29. November 2022 im Rahmen einer festlichen Veranstaltung offiziell vorgestellt. Das INTERREG V Projekt &#8222;Lernen ohne Grenzen&#8220; legte von 2016 bis 2022 den Grundstein f\u00fcr [&hellip;]\" \/>\n<meta property=\"og:url\" content=\"https:\/\/leren-zonder-grenzen.com\/de\/event\/auftaktveranstaltung-interreg-vi-projekt\/\" \/>\n<meta property=\"og:site_name\" content=\"Lernen ohne Grenzen\" \/>\n<meta property=\"article:publisher\" content=\"https:\/\/www.facebook.com\/profile.php?id=100047355472830\" \/>\n<meta property=\"article:modified_time\" content=\"2023-02-17T12:37:50+00:00\" \/>\n<meta property=\"og:image\" content=\"https:\/\/leren-zonder-grenzen.com\/wp-content\/uploads\/2022\/11\/Schermafbeelding-2023-02-01-om-14.56.46.webp\" \/>\n\t<meta property=\"og:image:width\" content=\"1176\" \/>\n\t<meta property=\"og:image:height\" content=\"668\" \/>\n\t<meta property=\"og:image:type\" content=\"image\/webp\" \/>\n<meta name=\"twitter:card\" content=\"summary_large_image\" \/>\n<meta name=\"twitter:label1\" content=\"Gesch\u00e4tzte Lesezeit\" \/>\n\t<meta name=\"twitter:data1\" content=\"3\u00a0Minuten\" \/>\n<script type=\"application\/ld+json\" class=\"yoast-schema-graph\">{\"@context\":\"https:\\\/\\\/schema.org\",\"@graph\":[{\"@type\":\"WebPage\",\"@id\":\"https:\\\/\\\/leren-zonder-grenzen.com\\\/de\\\/event\\\/auftaktveranstaltung-interreg-vi-projekt\\\/\",\"url\":\"https:\\\/\\\/leren-zonder-grenzen.com\\\/de\\\/event\\\/auftaktveranstaltung-interreg-vi-projekt\\\/\",\"name\":\"Auftaktveranstaltung Interreg VI-Projekt - Lernen ohne Grenzen\",\"isPartOf\":{\"@id\":\"https:\\\/\\\/leren-zonder-grenzen.com\\\/de\\\/#website\"},\"primaryImageOfPage\":{\"@id\":\"https:\\\/\\\/leren-zonder-grenzen.com\\\/de\\\/event\\\/auftaktveranstaltung-interreg-vi-projekt\\\/#primaryimage\"},\"image\":{\"@id\":\"https:\\\/\\\/leren-zonder-grenzen.com\\\/de\\\/event\\\/auftaktveranstaltung-interreg-vi-projekt\\\/#primaryimage\"},\"thumbnailUrl\":\"https:\\\/\\\/leren-zonder-grenzen.com\\\/wp-content\\\/uploads\\\/2022\\\/11\\\/Schermafbeelding-2023-02-01-om-14.56.46.webp\",\"datePublished\":\"2022-11-14T08:41:20+00:00\",\"dateModified\":\"2023-02-17T12:37:50+00:00\",\"breadcrumb\":{\"@id\":\"https:\\\/\\\/leren-zonder-grenzen.com\\\/de\\\/event\\\/auftaktveranstaltung-interreg-vi-projekt\\\/#breadcrumb\"},\"inLanguage\":\"de\",\"potentialAction\":[{\"@type\":\"ReadAction\",\"target\":[\"https:\\\/\\\/leren-zonder-grenzen.com\\\/de\\\/event\\\/auftaktveranstaltung-interreg-vi-projekt\\\/\"]}]},{\"@type\":\"ImageObject\",\"inLanguage\":\"de\",\"@id\":\"https:\\\/\\\/leren-zonder-grenzen.com\\\/de\\\/event\\\/auftaktveranstaltung-interreg-vi-projekt\\\/#primaryimage\",\"url\":\"https:\\\/\\\/leren-zonder-grenzen.com\\\/wp-content\\\/uploads\\\/2022\\\/11\\\/Schermafbeelding-2023-02-01-om-14.56.46.webp\",\"contentUrl\":\"https:\\\/\\\/leren-zonder-grenzen.com\\\/wp-content\\\/uploads\\\/2022\\\/11\\\/Schermafbeelding-2023-02-01-om-14.56.46.webp\",\"width\":1176,\"height\":668},{\"@type\":\"BreadcrumbList\",\"@id\":\"https:\\\/\\\/leren-zonder-grenzen.com\\\/de\\\/event\\\/auftaktveranstaltung-interreg-vi-projekt\\\/#breadcrumb\",\"itemListElement\":[{\"@type\":\"ListItem\",\"position\":1,\"name\":\"Home\",\"item\":\"https:\\\/\\\/leren-zonder-grenzen.com\\\/de\\\/home\\\/\"},{\"@type\":\"ListItem\",\"position\":2,\"name\":\"Events\",\"item\":\"https:\\\/\\\/leren-zonder-grenzen.com\\\/de\\\/events\\\/\"},{\"@type\":\"ListItem\",\"position\":3,\"name\":\"Auftaktveranstaltung Interreg VI-Projekt\"}]},{\"@type\":\"WebSite\",\"@id\":\"https:\\\/\\\/leren-zonder-grenzen.com\\\/de\\\/#website\",\"url\":\"https:\\\/\\\/leren-zonder-grenzen.com\\\/de\\\/\",\"name\":\"Lernen ohne Grenzen\",\"description\":\"Grenzenlos entdecken\",\"publisher\":{\"@id\":\"https:\\\/\\\/leren-zonder-grenzen.com\\\/de\\\/#organization\"},\"alternateName\":\"LZG\",\"potentialAction\":[{\"@type\":\"SearchAction\",\"target\":{\"@type\":\"EntryPoint\",\"urlTemplate\":\"https:\\\/\\\/leren-zonder-grenzen.com\\\/de\\\/?s={search_term_string}\"},\"query-input\":{\"@type\":\"PropertyValueSpecification\",\"valueRequired\":true,\"valueName\":\"search_term_string\"}}],\"inLanguage\":\"de\"},{\"@type\":\"Organization\",\"@id\":\"https:\\\/\\\/leren-zonder-grenzen.com\\\/de\\\/#organization\",\"name\":\"Leren zonder grenzen\",\"alternateName\":\"LZG\",\"url\":\"https:\\\/\\\/leren-zonder-grenzen.com\\\/de\\\/\",\"logo\":{\"@type\":\"ImageObject\",\"inLanguage\":\"de\",\"@id\":\"https:\\\/\\\/leren-zonder-grenzen.com\\\/de\\\/#\\\/schema\\\/logo\\\/image\\\/\",\"url\":\"https:\\\/\\\/leren-zonder-grenzen.com\\\/wp-content\\\/uploads\\\/2022\\\/12\\\/header-logo-leren-zonder-grenzen.svg\",\"contentUrl\":\"https:\\\/\\\/leren-zonder-grenzen.com\\\/wp-content\\\/uploads\\\/2022\\\/12\\\/header-logo-leren-zonder-grenzen.svg\",\"width\":126,\"height\":181,\"caption\":\"Leren zonder grenzen\"},\"image\":{\"@id\":\"https:\\\/\\\/leren-zonder-grenzen.com\\\/de\\\/#\\\/schema\\\/logo\\\/image\\\/\"},\"sameAs\":[\"https:\\\/\\\/www.facebook.com\\\/profile.php?id=100047355472830\"]}]}<\/script>\n<!-- \/ Yoast SEO plugin. -->","yoast_head_json":{"title":"Auftaktveranstaltung Interreg VI-Projekt - Lernen ohne Grenzen","robots":{"index":"index","follow":"follow","max-snippet":"max-snippet:-1","max-image-preview":"max-image-preview:large","max-video-preview":"max-video-preview:-1"},"canonical":"https:\/\/leren-zonder-grenzen.com\/de\/event\/auftaktveranstaltung-interreg-vi-projekt\/","og_locale":"de_DE","og_type":"article","og_title":"Auftaktveranstaltung Interreg VI-Projekt - Lernen ohne Grenzen","og_description":"Auftaktveranstaltung Interreg VI-Projekt ROC van Twente ist bis 2026 Leadpartner in dem Interreg VI Projekt, das Austausch und Zusammenarbeit zwischen Schulen und Jugendlichen erm\u00f6glicht. Das Projekt wurde am Dienstag, den 29. November 2022 im Rahmen einer festlichen Veranstaltung offiziell vorgestellt. Das INTERREG V Projekt &#8222;Lernen ohne Grenzen&#8220; legte von 2016 bis 2022 den Grundstein f\u00fcr [&hellip;]","og_url":"https:\/\/leren-zonder-grenzen.com\/de\/event\/auftaktveranstaltung-interreg-vi-projekt\/","og_site_name":"Lernen ohne Grenzen","article_publisher":"https:\/\/www.facebook.com\/profile.php?id=100047355472830","article_modified_time":"2023-02-17T12:37:50+00:00","og_image":[{"width":1176,"height":668,"url":"https:\/\/leren-zonder-grenzen.com\/wp-content\/uploads\/2022\/11\/Schermafbeelding-2023-02-01-om-14.56.46.webp","type":"image\/webp"}],"twitter_card":"summary_large_image","twitter_misc":{"Gesch\u00e4tzte Lesezeit":"3\u00a0Minuten"},"schema":{"@context":"https:\/\/schema.org","@graph":[{"@type":"WebPage","@id":"https:\/\/leren-zonder-grenzen.com\/de\/event\/auftaktveranstaltung-interreg-vi-projekt\/","url":"https:\/\/leren-zonder-grenzen.com\/de\/event\/auftaktveranstaltung-interreg-vi-projekt\/","name":"Auftaktveranstaltung Interreg VI-Projekt - Lernen ohne Grenzen","isPartOf":{"@id":"https:\/\/leren-zonder-grenzen.com\/de\/#website"},"primaryImageOfPage":{"@id":"https:\/\/leren-zonder-grenzen.com\/de\/event\/auftaktveranstaltung-interreg-vi-projekt\/#primaryimage"},"image":{"@id":"https:\/\/leren-zonder-grenzen.com\/de\/event\/auftaktveranstaltung-interreg-vi-projekt\/#primaryimage"},"thumbnailUrl":"https:\/\/leren-zonder-grenzen.com\/wp-content\/uploads\/2022\/11\/Schermafbeelding-2023-02-01-om-14.56.46.webp","datePublished":"2022-11-14T08:41:20+00:00","dateModified":"2023-02-17T12:37:50+00:00","breadcrumb":{"@id":"https:\/\/leren-zonder-grenzen.com\/de\/event\/auftaktveranstaltung-interreg-vi-projekt\/#breadcrumb"},"inLanguage":"de","potentialAction":[{"@type":"ReadAction","target":["https:\/\/leren-zonder-grenzen.com\/de\/event\/auftaktveranstaltung-interreg-vi-projekt\/"]}]},{"@type":"ImageObject","inLanguage":"de","@id":"https:\/\/leren-zonder-grenzen.com\/de\/event\/auftaktveranstaltung-interreg-vi-projekt\/#primaryimage","url":"https:\/\/leren-zonder-grenzen.com\/wp-content\/uploads\/2022\/11\/Schermafbeelding-2023-02-01-om-14.56.46.webp","contentUrl":"https:\/\/leren-zonder-grenzen.com\/wp-content\/uploads\/2022\/11\/Schermafbeelding-2023-02-01-om-14.56.46.webp","width":1176,"height":668},{"@type":"BreadcrumbList","@id":"https:\/\/leren-zonder-grenzen.com\/de\/event\/auftaktveranstaltung-interreg-vi-projekt\/#breadcrumb","itemListElement":[{"@type":"ListItem","position":1,"name":"Home","item":"https:\/\/leren-zonder-grenzen.com\/de\/home\/"},{"@type":"ListItem","position":2,"name":"Events","item":"https:\/\/leren-zonder-grenzen.com\/de\/events\/"},{"@type":"ListItem","position":3,"name":"Auftaktveranstaltung Interreg VI-Projekt"}]},{"@type":"WebSite","@id":"https:\/\/leren-zonder-grenzen.com\/de\/#website","url":"https:\/\/leren-zonder-grenzen.com\/de\/","name":"Lernen ohne Grenzen","description":"Grenzenlos entdecken","publisher":{"@id":"https:\/\/leren-zonder-grenzen.com\/de\/#organization"},"alternateName":"LZG","potentialAction":[{"@type":"SearchAction","target":{"@type":"EntryPoint","urlTemplate":"https:\/\/leren-zonder-grenzen.com\/de\/?s={search_term_string}"},"query-input":{"@type":"PropertyValueSpecification","valueRequired":true,"valueName":"search_term_string"}}],"inLanguage":"de"},{"@type":"Organization","@id":"https:\/\/leren-zonder-grenzen.com\/de\/#organization","name":"Leren zonder grenzen","alternateName":"LZG","url":"https:\/\/leren-zonder-grenzen.com\/de\/","logo":{"@type":"ImageObject","inLanguage":"de","@id":"https:\/\/leren-zonder-grenzen.com\/de\/#\/schema\/logo\/image\/","url":"https:\/\/leren-zonder-grenzen.com\/wp-content\/uploads\/2022\/12\/header-logo-leren-zonder-grenzen.svg","contentUrl":"https:\/\/leren-zonder-grenzen.com\/wp-content\/uploads\/2022\/12\/header-logo-leren-zonder-grenzen.svg","width":126,"height":181,"caption":"Leren zonder grenzen"},"image":{"@id":"https:\/\/leren-zonder-grenzen.com\/de\/#\/schema\/logo\/image\/"},"sameAs":["https:\/\/www.facebook.com\/profile.php?id=100047355472830"]}]}},"_links":{"self":[{"href":"https:\/\/leren-zonder-grenzen.com\/de\/wp-json\/wp\/v2\/event\/821","targetHints":{"allow":["GET"]}}],"collection":[{"href":"https:\/\/leren-zonder-grenzen.com\/de\/wp-json\/wp\/v2\/event"}],"about":[{"href":"https:\/\/leren-zonder-grenzen.com\/de\/wp-json\/wp\/v2\/types\/event"}],"wp:featuredmedia":[{"embeddable":true,"href":"https:\/\/leren-zonder-grenzen.com\/de\/wp-json\/wp\/v2\/media\/692"}],"wp:attachment":[{"href":"https:\/\/leren-zonder-grenzen.com\/de\/wp-json\/wp\/v2\/media?parent=821"}],"curies":[{"name":"wp","href":"https:\/\/api.w.org\/{rel}","templated":true}]}}