{"id":793,"date":"2022-12-23T10:03:14","date_gmt":"2022-12-23T09:03:14","guid":{"rendered":"https:\/\/leren-zonder-grenzen.com\/werkplaats\/ekw-8\/"},"modified":"2026-02-04T09:14:17","modified_gmt":"2026-02-04T08:14:17","slug":"ekw-8","status":"publish","type":"werkplaats","link":"https:\/\/leren-zonder-grenzen.com\/de\/werkplaats\/ekw-8\/","title":{"rendered":"EKW-8"},"content":{"rendered":"<p><strong>Ein freies Arbeitspaket f\u00fcr innovative Themen wie Energiewende, Infrastruktur, Wohnungsfragen oder Digitalisierung. Themen, die sich auf verschiedene Ausbildungen beziehen k\u00f6nnen. Die (eu)regionale Agenda dient als Bewertungsrahmen. <\/strong><\/p>\n<p data-start=\"160\" data-end=\"226\"><strong>Freies Arbeitspaket: Raum f\u00fcr Innovation und Zusammenarbeit<\/strong><\/p>\n<p data-start=\"228\" data-end=\"464\">Alle Projekte und Austausche werden innerhalb des <strong data-start=\"278\" data-end=\"337\">Freien Arbeitspakets <\/strong>organisiert: ein offener und dynamischer Rahmen, in dem Sch\u00fclerinnen und Sch\u00fcler, Lehrkr\u00e4fte und Partner zusammenkommen, um:<\/p>\n<ul>\n<li data-start=\"468\" data-end=\"551\"><strong>praxisnahe Aufgaben<\/strong> zu bearbeiten, die an echte berufliche Situationen ankn\u00fcpfen;<\/li>\n<li data-start=\"554\" data-end=\"649\"><strong>interkulturelle Erfahrungen<\/strong> zu sammeln durch Zusammenarbeit in einem internationalen Kontext;<\/li>\n<li data-start=\"652\" data-end=\"723\"><strong>F\u00e4higkeiten weiterzuentwickeln<\/strong> \u2013 sowohl fachlich als auch pers\u00f6nlich;<\/li>\n<li data-start=\"726\" data-end=\"816\"><strong>Netzwerke mit Schulen, Unternehmen und Institutionen in der gesamten Euregio aufzubauen.<\/strong><\/li>\n<\/ul>\n<p data-start=\"818\" data-end=\"1006\">Das Freie Arbeitspaket erm\u00f6glicht es, Ideen und Projekte flexibel umzusetzen und an grenz\u00fcberschreitenden Lernerfahrungen zu arbeiten, die \u00fcber den traditionellen Unterricht hinausgehen.<\/p>\n<p data-start=\"1013\" data-end=\"1052\"><strong>Austausche und Praxiserfahrungen<\/strong><\/p>\n<p data-start=\"1054\" data-end=\"1317\">Im Rahmen des Freien Arbeitspakets fanden erneut spannende Austausche zwischen deutschen und niederl\u00e4ndischen Auszubildenden statt. Ziel war es, Praxiswissen zu erwerben, interkulturelles Lernen zu f\u00f6rdern und die Zusammenarbeit zwischen Schulen zu st\u00e4rken.<\/p>\n<p data-start=\"1319\" data-end=\"1570\">Die Teilnehmenden besuchten verschiedene Unternehmen und Einrichtungen in der Region, darunter <strong data-start=\"1414\" data-end=\"1491\">KDV Pindakaas, Ni\u2011je Veste Buitenschans, De Hoeksteen<\/strong> und <strong data-start=\"1414\" data-end=\"1491\">Ludgerus School<\/strong>, wodurch sie ihr theoretisches Wissen direkt in der Praxis anwenden konnten.<\/p>\n<p data-start=\"1572\" data-end=\"1998\">Am 12. Mai 2025 arbeiteten Kosmetiker-Auszubildende der Elly-Heuss-Knapp-Schule D\u00fcsseldorf und des Graafschap College gemeinsam im Rahmen von <strong data-start=\"1726\" data-end=\"1768\">\u201eEuregionale kosmetische Behandlungen\u201c<\/strong>. Am 12. und 13. Mai 2025 lag der Schwerpunkt beim Projekt <strong data-start=\"1831\" data-end=\"1846\">\u201eJongLeren\u201c<\/strong> auf pers\u00f6nlicher Weiterentwicklung durch Teamaufgaben und Workshops mit Sch\u00fclerinnen und Sch\u00fclern des BK Bocholt-West und des Graafschap College. Bereits im M\u00e4rz 2025 nahmen Gastronomie-Studierende des Deltion College und des Sophie-Scholl-BK an einem <strong>Seminar \u00fcber internationale Weine<\/strong> teil. So entstanden nachhaltige Kontakte und eine Zusammenarbeit, die \u00fcber das Freie Arbeitspaket hinausgeht.<\/p>\n<p data-start=\"2265\" data-end=\"2494\">Diese Besuche boten wertvolle, praxisnahe Einblicke in verschiedene Arbeitsfelder und erm\u00f6glichten es den Teilnehmenden, ihr theoretisches Wissen direkt anzuwenden; ein zentraler Bestandteil des Lernens im Freien Arbeitspaket.<\/p>\n<p data-start=\"2501\" data-end=\"2543\"><strong>Gemeinsam lernen, gemeinsam wachsen<\/strong><\/p>\n<p data-start=\"2545\" data-end=\"2791\">Die Austausche zeigen, wie <strong data-start=\"2572\" data-end=\"2652\">fachliche Qualifikationen und interkulturelle Erfahrungen Hand in Hand gehen<\/strong>. Gleichzeitig werden neue Ideen angeregt und eine langfristige Zusammenarbeit zwischen deutschen und niederl\u00e4ndischen Schulen gef\u00f6rdert.<\/p>\n<p><em>Wenn du mehr \u00fcber diesen EKW erfahren oder daran teilnehmen m\u00f6chtest, nimm gerne <a href=\"https:\/\/leren-zonder-grenzen.com\/de\/contact\/\">Kontakt<\/a> auf. <\/em><\/p>\n","protected":false},"featured_media":699,"parent":0,"template":"","class_list":["post-793","werkplaats","type-werkplaats","status-publish","has-post-thumbnail","hentry"],"acf":[],"yoast_head":"<!-- This site is optimized with the Yoast SEO plugin v27.4 - https:\/\/yoast.com\/product\/yoast-seo-wordpress\/ -->\n<title>EKW-8 - Lernen ohne Grenzen<\/title>\n<meta name=\"robots\" content=\"index, follow, max-snippet:-1, max-image-preview:large, max-video-preview:-1\" \/>\n<link rel=\"canonical\" href=\"https:\/\/leren-zonder-grenzen.com\/de\/werkplaats\/ekw-8\/\" \/>\n<meta property=\"og:locale\" content=\"de_DE\" \/>\n<meta property=\"og:type\" content=\"article\" \/>\n<meta property=\"og:title\" content=\"EKW-8 - Lernen ohne Grenzen\" \/>\n<meta property=\"og:description\" content=\"Ein freies Arbeitspaket f\u00fcr innovative Themen wie Energiewende, Infrastruktur, Wohnungsfragen oder Digitalisierung. Themen, die sich auf verschiedene Ausbildungen beziehen k\u00f6nnen. Die (eu)regionale Agenda dient als Bewertungsrahmen. Freies Arbeitspaket: Raum f\u00fcr Innovation und Zusammenarbeit Alle Projekte und Austausche werden innerhalb des Freien Arbeitspakets organisiert: ein offener und dynamischer Rahmen, in dem Sch\u00fclerinnen und Sch\u00fcler, Lehrkr\u00e4fte und [&hellip;]\" \/>\n<meta property=\"og:url\" content=\"https:\/\/leren-zonder-grenzen.com\/de\/werkplaats\/ekw-8\/\" \/>\n<meta property=\"og:site_name\" content=\"Lernen ohne Grenzen\" \/>\n<meta property=\"article:publisher\" content=\"https:\/\/www.facebook.com\/profile.php?id=100047355472830\" \/>\n<meta property=\"article:modified_time\" content=\"2026-02-04T08:14:17+00:00\" \/>\n<meta property=\"og:image\" content=\"https:\/\/leren-zonder-grenzen.com\/wp-content\/uploads\/2022\/12\/AdobeStock_124658780.webp\" \/>\n\t<meta property=\"og:image:width\" content=\"2276\" \/>\n\t<meta property=\"og:image:height\" content=\"1280\" \/>\n\t<meta property=\"og:image:type\" content=\"image\/webp\" \/>\n<meta name=\"twitter:card\" content=\"summary_large_image\" \/>\n<meta name=\"twitter:label1\" content=\"Gesch\u00e4tzte Lesezeit\" \/>\n\t<meta name=\"twitter:data1\" content=\"3\u00a0Minuten\" \/>\n<script type=\"application\/ld+json\" class=\"yoast-schema-graph\">{\"@context\":\"https:\\\/\\\/schema.org\",\"@graph\":[{\"@type\":\"WebPage\",\"@id\":\"https:\\\/\\\/leren-zonder-grenzen.com\\\/de\\\/werkplaats\\\/ekw-8\\\/\",\"url\":\"https:\\\/\\\/leren-zonder-grenzen.com\\\/de\\\/werkplaats\\\/ekw-8\\\/\",\"name\":\"EKW-8 - Lernen ohne Grenzen\",\"isPartOf\":{\"@id\":\"https:\\\/\\\/leren-zonder-grenzen.com\\\/de\\\/#website\"},\"primaryImageOfPage\":{\"@id\":\"https:\\\/\\\/leren-zonder-grenzen.com\\\/de\\\/werkplaats\\\/ekw-8\\\/#primaryimage\"},\"image\":{\"@id\":\"https:\\\/\\\/leren-zonder-grenzen.com\\\/de\\\/werkplaats\\\/ekw-8\\\/#primaryimage\"},\"thumbnailUrl\":\"https:\\\/\\\/leren-zonder-grenzen.com\\\/wp-content\\\/uploads\\\/2022\\\/12\\\/AdobeStock_124658780.webp\",\"datePublished\":\"2022-12-23T09:03:14+00:00\",\"dateModified\":\"2026-02-04T08:14:17+00:00\",\"breadcrumb\":{\"@id\":\"https:\\\/\\\/leren-zonder-grenzen.com\\\/de\\\/werkplaats\\\/ekw-8\\\/#breadcrumb\"},\"inLanguage\":\"de\",\"potentialAction\":[{\"@type\":\"ReadAction\",\"target\":[\"https:\\\/\\\/leren-zonder-grenzen.com\\\/de\\\/werkplaats\\\/ekw-8\\\/\"]}]},{\"@type\":\"ImageObject\",\"inLanguage\":\"de\",\"@id\":\"https:\\\/\\\/leren-zonder-grenzen.com\\\/de\\\/werkplaats\\\/ekw-8\\\/#primaryimage\",\"url\":\"https:\\\/\\\/leren-zonder-grenzen.com\\\/wp-content\\\/uploads\\\/2022\\\/12\\\/AdobeStock_124658780.webp\",\"contentUrl\":\"https:\\\/\\\/leren-zonder-grenzen.com\\\/wp-content\\\/uploads\\\/2022\\\/12\\\/AdobeStock_124658780.webp\",\"width\":2276,\"height\":1280,\"caption\":\"EKW-8 vrij nederland duitsland\"},{\"@type\":\"BreadcrumbList\",\"@id\":\"https:\\\/\\\/leren-zonder-grenzen.com\\\/de\\\/werkplaats\\\/ekw-8\\\/#breadcrumb\",\"itemListElement\":[{\"@type\":\"ListItem\",\"position\":1,\"name\":\"Home\",\"item\":\"https:\\\/\\\/leren-zonder-grenzen.com\\\/de\\\/home\\\/\"},{\"@type\":\"ListItem\",\"position\":2,\"name\":\"Werkplaatsen\",\"item\":\"https:\\\/\\\/leren-zonder-grenzen.com\\\/de\\\/werkplaatsen\\\/\"},{\"@type\":\"ListItem\",\"position\":3,\"name\":\"EKW-8\"}]},{\"@type\":\"WebSite\",\"@id\":\"https:\\\/\\\/leren-zonder-grenzen.com\\\/de\\\/#website\",\"url\":\"https:\\\/\\\/leren-zonder-grenzen.com\\\/de\\\/\",\"name\":\"Lernen ohne Grenzen\",\"description\":\"Grenzenlos entdecken\",\"publisher\":{\"@id\":\"https:\\\/\\\/leren-zonder-grenzen.com\\\/de\\\/#organization\"},\"alternateName\":\"LZG\",\"potentialAction\":[{\"@type\":\"SearchAction\",\"target\":{\"@type\":\"EntryPoint\",\"urlTemplate\":\"https:\\\/\\\/leren-zonder-grenzen.com\\\/de\\\/?s={search_term_string}\"},\"query-input\":{\"@type\":\"PropertyValueSpecification\",\"valueRequired\":true,\"valueName\":\"search_term_string\"}}],\"inLanguage\":\"de\"},{\"@type\":\"Organization\",\"@id\":\"https:\\\/\\\/leren-zonder-grenzen.com\\\/de\\\/#organization\",\"name\":\"Leren zonder grenzen\",\"alternateName\":\"LZG\",\"url\":\"https:\\\/\\\/leren-zonder-grenzen.com\\\/de\\\/\",\"logo\":{\"@type\":\"ImageObject\",\"inLanguage\":\"de\",\"@id\":\"https:\\\/\\\/leren-zonder-grenzen.com\\\/de\\\/#\\\/schema\\\/logo\\\/image\\\/\",\"url\":\"https:\\\/\\\/leren-zonder-grenzen.com\\\/wp-content\\\/uploads\\\/2022\\\/12\\\/header-logo-leren-zonder-grenzen.svg\",\"contentUrl\":\"https:\\\/\\\/leren-zonder-grenzen.com\\\/wp-content\\\/uploads\\\/2022\\\/12\\\/header-logo-leren-zonder-grenzen.svg\",\"width\":126,\"height\":181,\"caption\":\"Leren zonder grenzen\"},\"image\":{\"@id\":\"https:\\\/\\\/leren-zonder-grenzen.com\\\/de\\\/#\\\/schema\\\/logo\\\/image\\\/\"},\"sameAs\":[\"https:\\\/\\\/www.facebook.com\\\/profile.php?id=100047355472830\"]}]}<\/script>\n<!-- \/ Yoast SEO plugin. -->","yoast_head_json":{"title":"EKW-8 - Lernen ohne Grenzen","robots":{"index":"index","follow":"follow","max-snippet":"max-snippet:-1","max-image-preview":"max-image-preview:large","max-video-preview":"max-video-preview:-1"},"canonical":"https:\/\/leren-zonder-grenzen.com\/de\/werkplaats\/ekw-8\/","og_locale":"de_DE","og_type":"article","og_title":"EKW-8 - Lernen ohne Grenzen","og_description":"Ein freies Arbeitspaket f\u00fcr innovative Themen wie Energiewende, Infrastruktur, Wohnungsfragen oder Digitalisierung. Themen, die sich auf verschiedene Ausbildungen beziehen k\u00f6nnen. Die (eu)regionale Agenda dient als Bewertungsrahmen. Freies Arbeitspaket: Raum f\u00fcr Innovation und Zusammenarbeit Alle Projekte und Austausche werden innerhalb des Freien Arbeitspakets organisiert: ein offener und dynamischer Rahmen, in dem Sch\u00fclerinnen und Sch\u00fcler, Lehrkr\u00e4fte und [&hellip;]","og_url":"https:\/\/leren-zonder-grenzen.com\/de\/werkplaats\/ekw-8\/","og_site_name":"Lernen ohne Grenzen","article_publisher":"https:\/\/www.facebook.com\/profile.php?id=100047355472830","article_modified_time":"2026-02-04T08:14:17+00:00","og_image":[{"width":2276,"height":1280,"url":"https:\/\/leren-zonder-grenzen.com\/wp-content\/uploads\/2022\/12\/AdobeStock_124658780.webp","type":"image\/webp"}],"twitter_card":"summary_large_image","twitter_misc":{"Gesch\u00e4tzte Lesezeit":"3\u00a0Minuten"},"schema":{"@context":"https:\/\/schema.org","@graph":[{"@type":"WebPage","@id":"https:\/\/leren-zonder-grenzen.com\/de\/werkplaats\/ekw-8\/","url":"https:\/\/leren-zonder-grenzen.com\/de\/werkplaats\/ekw-8\/","name":"EKW-8 - Lernen ohne Grenzen","isPartOf":{"@id":"https:\/\/leren-zonder-grenzen.com\/de\/#website"},"primaryImageOfPage":{"@id":"https:\/\/leren-zonder-grenzen.com\/de\/werkplaats\/ekw-8\/#primaryimage"},"image":{"@id":"https:\/\/leren-zonder-grenzen.com\/de\/werkplaats\/ekw-8\/#primaryimage"},"thumbnailUrl":"https:\/\/leren-zonder-grenzen.com\/wp-content\/uploads\/2022\/12\/AdobeStock_124658780.webp","datePublished":"2022-12-23T09:03:14+00:00","dateModified":"2026-02-04T08:14:17+00:00","breadcrumb":{"@id":"https:\/\/leren-zonder-grenzen.com\/de\/werkplaats\/ekw-8\/#breadcrumb"},"inLanguage":"de","potentialAction":[{"@type":"ReadAction","target":["https:\/\/leren-zonder-grenzen.com\/de\/werkplaats\/ekw-8\/"]}]},{"@type":"ImageObject","inLanguage":"de","@id":"https:\/\/leren-zonder-grenzen.com\/de\/werkplaats\/ekw-8\/#primaryimage","url":"https:\/\/leren-zonder-grenzen.com\/wp-content\/uploads\/2022\/12\/AdobeStock_124658780.webp","contentUrl":"https:\/\/leren-zonder-grenzen.com\/wp-content\/uploads\/2022\/12\/AdobeStock_124658780.webp","width":2276,"height":1280,"caption":"EKW-8 vrij nederland duitsland"},{"@type":"BreadcrumbList","@id":"https:\/\/leren-zonder-grenzen.com\/de\/werkplaats\/ekw-8\/#breadcrumb","itemListElement":[{"@type":"ListItem","position":1,"name":"Home","item":"https:\/\/leren-zonder-grenzen.com\/de\/home\/"},{"@type":"ListItem","position":2,"name":"Werkplaatsen","item":"https:\/\/leren-zonder-grenzen.com\/de\/werkplaatsen\/"},{"@type":"ListItem","position":3,"name":"EKW-8"}]},{"@type":"WebSite","@id":"https:\/\/leren-zonder-grenzen.com\/de\/#website","url":"https:\/\/leren-zonder-grenzen.com\/de\/","name":"Lernen ohne Grenzen","description":"Grenzenlos entdecken","publisher":{"@id":"https:\/\/leren-zonder-grenzen.com\/de\/#organization"},"alternateName":"LZG","potentialAction":[{"@type":"SearchAction","target":{"@type":"EntryPoint","urlTemplate":"https:\/\/leren-zonder-grenzen.com\/de\/?s={search_term_string}"},"query-input":{"@type":"PropertyValueSpecification","valueRequired":true,"valueName":"search_term_string"}}],"inLanguage":"de"},{"@type":"Organization","@id":"https:\/\/leren-zonder-grenzen.com\/de\/#organization","name":"Leren zonder grenzen","alternateName":"LZG","url":"https:\/\/leren-zonder-grenzen.com\/de\/","logo":{"@type":"ImageObject","inLanguage":"de","@id":"https:\/\/leren-zonder-grenzen.com\/de\/#\/schema\/logo\/image\/","url":"https:\/\/leren-zonder-grenzen.com\/wp-content\/uploads\/2022\/12\/header-logo-leren-zonder-grenzen.svg","contentUrl":"https:\/\/leren-zonder-grenzen.com\/wp-content\/uploads\/2022\/12\/header-logo-leren-zonder-grenzen.svg","width":126,"height":181,"caption":"Leren zonder grenzen"},"image":{"@id":"https:\/\/leren-zonder-grenzen.com\/de\/#\/schema\/logo\/image\/"},"sameAs":["https:\/\/www.facebook.com\/profile.php?id=100047355472830"]}]}},"_links":{"self":[{"href":"https:\/\/leren-zonder-grenzen.com\/de\/wp-json\/wp\/v2\/werkplaats\/793","targetHints":{"allow":["GET"]}}],"collection":[{"href":"https:\/\/leren-zonder-grenzen.com\/de\/wp-json\/wp\/v2\/werkplaats"}],"about":[{"href":"https:\/\/leren-zonder-grenzen.com\/de\/wp-json\/wp\/v2\/types\/werkplaats"}],"wp:featuredmedia":[{"embeddable":true,"href":"https:\/\/leren-zonder-grenzen.com\/de\/wp-json\/wp\/v2\/media\/699"}],"wp:attachment":[{"href":"https:\/\/leren-zonder-grenzen.com\/de\/wp-json\/wp\/v2\/media?parent=793"}],"curies":[{"name":"wp","href":"https:\/\/api.w.org\/{rel}","templated":true}]}}